{"id":2,"date":"2015-11-30T17:09:02","date_gmt":"2015-11-30T16:09:02","guid":{"rendered":"http:\/\/laturbineagraines.net\/?page_id=2"},"modified":"2022-11-01T09:51:00","modified_gmt":"2022-11-01T08:51:00","slug":"page-d-exemple","status":"publish","type":"page","link":"https:\/\/laturbineagraines.net\/index.php\/page-d-exemple\/","title":{"rendered":"La Turbine, c&rsquo;est quoi?"},"content":{"rendered":"<p align=\"JUSTIFY\">La Turbine \u00e0 graines\u00a0est une <strong>association d\u2019\u00e9ducation populaire<\/strong>\u00a0qui d\u00e9veloppe son action \u00e0 partir de la Vall\u00e9e de la Dr\u00f4me et de Grenoble et agit \u00e0 l\u2019\u00e9chelle r\u00e9gionale et nationale. Nous sommes proches du r\u00e9seau des <a href=\"https:\/\/reseaucrefad.org\/\">CREFAD<\/a>.<\/p>\n<p align=\"JUSTIFY\">A La Turbine \u00e0 graines\u00a0nous inventons, nous bricolons, nous exp\u00e9rimentons. Nos d\u00e9sirs\u00a0? Cr\u00e9er des circonstances, oser des tentatives pour rendre possibles des pas de c\u00f4t\u00e9 pour s\u2019interroger, des objets pour penser, des lieux o\u00f9 imaginer, inventer, et agir.<\/p>\n<p align=\"JUSTIFY\">Pour nous, des aventures d\u2019\u00e9ducation populaire c\u2019est cheminer ensemble et permettre des d\u00e9placements, pour explorer nos singularit\u00e9s, et prendre \u00e0 bras le corps la complexit\u00e9 du monde pour le transformer.<\/p>\n<p align=\"JUSTIFY\">Nous \u0153uvrons pour renforcer nos capacit\u00e9s \u00e0 agir sur la transformation de nos vies, le sens de nos m\u00e9tiers et de nos engagements, l\u2019appropriation de nos territoires. Nous agissons pour favoriser la coop\u00e9ration et les pratiques d\u00e9mocratiques. Nous luttons contre les in\u00e9galit\u00e9s et les discriminations dans l\u2019acc\u00e8s \u00e0 la parole, aux ressources et aux prises de d\u00e9cisions.<\/p>\n<p align=\"JUSTIFY\">Notre d\u00e9marche se d\u00e9cline principalement \u00e0 travers la formation et l\u2019accompagnement. Elle s\u2019invente \u00e9galement au travers les semailles, des exp\u00e9rimentations pour faire vivre la transformation sociale sur l\u2019espace public, ou hors des sentiers battus.<\/p>\n<p align=\"JUSTIFY\">Nous agissons \u00e0 partir de diff\u00e9rents champs\u00a0: \u00e9ducation, culture, \u00e9conomie sociale et solidaire, travail social, sant\u00e9, num\u00e9rique, solidarit\u00e9 internationale, habitat, agriculture\u2026<\/p>\n<p align=\"JUSTIFY\">Nous nous adressons aussi bien \u00e0 des collectifs, associations, collectivit\u00e9s, r\u00e9seaux, syndicats, coop\u00e9ratives, entreprises, qu\u2019\u00e0 toutes personnes int\u00e9ress\u00e9es et curieuses de questionner et mettre en mouvement leur vie et leur environnement.<\/p>\n<p align=\"JUSTIFY\">\n<p align=\"JUSTIFY\">Ce qui nous anime c\u2019est le terreau des initiatives populaires, la diversit\u00e9 des chemins pris par les groupes, la multiplicit\u00e9 des formes collectives possibles, comme autant de cr\u00e9ations singuli\u00e8res. Ce qui nous met en mouvement c\u2019est l\u2019envie de s\u2019approprier collectivement des savoirs et des exp\u00e9riences, la volont\u00e9 des personnes de cr\u00e9er, imaginer et coop\u00e9rer pour trouver leurs propres solutions. Ce qui nous fait bouger c\u2019est la vari\u00e9t\u00e9 des \u00ab utopies op\u00e9rantes\u00a0\u00bb que l\u2019on rencontre dans nos travers\u00e9es, ces r\u00eaves en actes qui, chacun \u00e0 leur \u00e9chelle, participent \u00e0 changer le monde.<\/p>\n<p align=\"JUSTIFY\">En ouvrant des espaces favorisant l\u2019\u00e9change d\u2019exp\u00e9riences, nous permettons l\u2019expression des ressentis, la mise en partage \u00e0 \u00e9galit\u00e9 des v\u00e9cus, la valorisation et l\u2019\u00e9mergence des singularit\u00e9s. Nous aiguisons \u00e9galement la curiosit\u00e9 d\u2019apprendre, la capacit\u00e9 \u00e0 construire collectivement des savoirs, l\u2019exercice de la pens\u00e9e critique et le questionnement politique. Les d\u00e9calages que nous proposons participent \u00e0 lib\u00e9rer les imaginaires sur d\u2019autres possibles, \u00e0 ouvrir des chemins buissonniers. Et parce que la finalit\u00e9 est bien de poser des actes pour transformer son monde, et pour transformer le monde, nous travaillons en vue de faire \u00e9voluer les pratiques\u00a0: penser pour agir, \u00e9changer pour poser des pas concrets.<\/p>\n<p style=\"text-align: justify;\"><span style=\"text-decoration: underline;\"><a href=\"https:\/\/laturbineagraines.net\/index.php\/lequipe\/\">L&rsquo;\u00e9quipe de la Turbine \u00e0 Graines<\/a><\/span><\/p>\n","protected":false},"excerpt":{"rendered":"<p>La Turbine \u00e0 graines\u00a0est une association d\u2019\u00e9ducation populaire\u00a0qui d\u00e9veloppe son action \u00e0 partir de la Vall\u00e9e de la Dr\u00f4me et de Grenoble et agit \u00e0 l\u2019\u00e9chelle r\u00e9gionale et nationale. Nous sommes proches du r\u00e9seau des CREFAD. A La Turbine \u00e0 graines\u00a0nous inventons, nous bricolons, nous exp\u00e9rimentons. Nos d\u00e9sirs\u00a0? Cr\u00e9er des circonstances, oser des tentatives pour &hellip; <a href=\"https:\/\/laturbineagraines.net\/index.php\/page-d-exemple\/\" class=\"more-link\">Continuer la lecture de <span class=\"screen-reader-text\">La Turbine, c&rsquo;est quoi?<\/span> <span class=\"meta-nav\">&rarr;<\/span><\/a><\/p>\n","protected":false},"author":3,"featured_media":0,"parent":0,"menu_order":0,"comment_status":"closed","ping_status":"open","template":"","meta":{"footnotes":""},"class_list":["post-2","page","type-page","status-publish","hentry"],"_links":{"self":[{"href":"https:\/\/laturbineagraines.net\/index.php\/wp-json\/wp\/v2\/pages\/2","targetHints":{"allow":["GET"]}}],"collection":[{"href":"https:\/\/laturbineagraines.net\/index.php\/wp-json\/wp\/v2\/pages"}],"about":[{"href":"https:\/\/laturbineagraines.net\/index.php\/wp-json\/wp\/v2\/types\/page"}],"author":[{"embeddable":true,"href":"https:\/\/laturbineagraines.net\/index.php\/wp-json\/wp\/v2\/users\/3"}],"replies":[{"embeddable":true,"href":"https:\/\/laturbineagraines.net\/index.php\/wp-json\/wp\/v2\/comments?post=2"}],"version-history":[{"count":41,"href":"https:\/\/laturbineagraines.net\/index.php\/wp-json\/wp\/v2\/pages\/2\/revisions"}],"predecessor-version":[{"id":1912,"href":"https:\/\/laturbineagraines.net\/index.php\/wp-json\/wp\/v2\/pages\/2\/revisions\/1912"}],"wp:attachment":[{"href":"https:\/\/laturbineagraines.net\/index.php\/wp-json\/wp\/v2\/media?parent=2"}],"curies":[{"name":"wp","href":"https:\/\/api.w.org\/{rel}","templated":true}]}}